{"id":731,"date":"2016-02-21T14:01:21","date_gmt":"2016-02-21T13:01:21","guid":{"rendered":"http:\/\/forest.it\/?page_id=731&#038;lang=de"},"modified":"2017-04-20T17:28:13","modified_gmt":"2017-04-20T15:28:13","slug":"die-kanzlei","status":"publish","type":"page","link":"https:\/\/www.forest.it\/de\/die-kanzlei","title":{"rendered":"DIE KANZLEI"},"content":{"rendered":"<p><div class=\"fusion-fullwidth fullwidth-box fusion-builder-row-1 hundred-percent-fullwidth non-hundred-percent-height-scrolling\" style=\"background-color: rgba(255,255,255,0);background-position: center center;background-repeat: no-repeat;padding-top:0px;padding-right:0px;padding-bottom:0px;padding-left:0px;margin-bottom: 0px;margin-top: 0px;border-width: 0px 0px 0px 0px;border-color:#eae9e9;border-style:solid;\" ><div class=\"fusion-builder-row fusion-row\"><div class=\"fusion-layout-column fusion_builder_column fusion-builder-column-0 fusion_builder_column_1_1 1_1 fusion-one-full fusion-column-first fusion-column-last\" style=\"margin-top:0px;margin-bottom:0px;\"><div class=\"fusion-column-wrapper fusion-flex-column-wrapper-legacy\" style=\"background-position:left top;background-repeat:no-repeat;-webkit-background-size:cover;-moz-background-size:cover;-o-background-size:cover;background-size:cover;padding: 0px 0px 0px 0px;\"><div class=\"imageframe-align-center\"><span class=\" fusion-imageframe imageframe-none imageframe-1 hover-type-zoomin fusion-animated\" data-animationType=\"slideInDown\" data-animationDuration=\"1.0\" data-animationOffset=\"100%\"><img decoding=\"async\" width=\"1634\" height=\"600\" title=\"chi-siamo-art-studio-di-commercialista-bolzano-ragionieri-commercialisti-ortisei-consulenti-del-lavoro-val-gardena-alto-adige\" src=\"http:\/\/www.forest.it\/wp-content\/uploads\/chi-siamo-art-studio-di-commercialista-bolzano-ragionieri-commercialisti-ortisei-consulenti-del-lavoro-val-gardena-alto-adige.jpg\" class=\"img-responsive wp-image-1100\" srcset=\"https:\/\/www.forest.it\/wp-content\/uploads\/chi-siamo-art-studio-di-commercialista-bolzano-ragionieri-commercialisti-ortisei-consulenti-del-lavoro-val-gardena-alto-adige-200x73.jpg 200w, https:\/\/www.forest.it\/wp-content\/uploads\/chi-siamo-art-studio-di-commercialista-bolzano-ragionieri-commercialisti-ortisei-consulenti-del-lavoro-val-gardena-alto-adige-400x147.jpg 400w, https:\/\/www.forest.it\/wp-content\/uploads\/chi-siamo-art-studio-di-commercialista-bolzano-ragionieri-commercialisti-ortisei-consulenti-del-lavoro-val-gardena-alto-adige-600x220.jpg 600w, https:\/\/www.forest.it\/wp-content\/uploads\/chi-siamo-art-studio-di-commercialista-bolzano-ragionieri-commercialisti-ortisei-consulenti-del-lavoro-val-gardena-alto-adige-800x294.jpg 800w, https:\/\/www.forest.it\/wp-content\/uploads\/chi-siamo-art-studio-di-commercialista-bolzano-ragionieri-commercialisti-ortisei-consulenti-del-lavoro-val-gardena-alto-adige-1200x441.jpg 1200w, https:\/\/www.forest.it\/wp-content\/uploads\/chi-siamo-art-studio-di-commercialista-bolzano-ragionieri-commercialisti-ortisei-consulenti-del-lavoro-val-gardena-alto-adige.jpg 1634w\" sizes=\"(max-width: 800px) 100vw, 1200px\" \/><\/span><\/div><div class=\"fusion-clearfix\"><\/div><\/div><\/div><\/div><\/div><div class=\"fusion-fullwidth fullwidth-box fusion-builder-row-2 nonhundred-percent-fullwidth non-hundred-percent-height-scrolling\" style=\"background-color: rgba(255,255,255,0);background-position: left top;background-repeat: no-repeat;padding-top:20px;padding-right:0px;padding-bottom:20px;padding-left:0px;margin-bottom: 0px;margin-top: 0px;border-width: 0px 0px 0px 0px;border-color:#eae9e9;border-style:solid;\" ><div class=\"fusion-builder-row fusion-row\"><div class=\"fusion-layout-column fusion_builder_column fusion-builder-column-1 fusion_builder_column_1_1 1_1 fusion-one-full fusion-column-first fusion-column-last\" style=\"margin-top:0px;margin-bottom:0px;\"><div class=\"fusion-column-wrapper fusion-flex-column-wrapper-legacy\" style=\"background-position:left top;background-repeat:no-repeat;-webkit-background-size:cover;-moz-background-size:cover;-o-background-size:cover;background-size:cover;padding: 0px 0px 0px 0px;\"><div class=\"fusion-text fusion-text-1\"><p><strong>Die Kanzlei Forest ist seit 1957 in Bozen aktiv.<\/strong><\/p>\n<p>Das Unternehmen wurde von unseren Gro\u00dfvater Filippo Forest gegr\u00fcndet, von unserem Vater Pier Antonio Forest weitergef\u00fchrt und wurde dann von uns drei Br\u00fcdern Alessandro, Filippo und Michele im Jahre 1981 \u00fcbernommen.<\/p>\n<p>Indem wir unseren Kunden stets beiseite waren, haben wir Jahrzenten lang Erfahrung gesammelt.<\/p>\n<p>Heute sind wir drei im Berufsverzeichnis der Kammer der Wirtschaftspr\u00fcfer und Steuerberater der Provinz Bozen eingeschriebene Fachm\u00e4nner, die, mit Hilfe von sieben Mitarbeiterinnen, die Kanzlei f\u00fchren.<\/p>\n<p>Als Insolvenzverwalter sind wir verschiedenen Verfahren nachgekommen und haben auch in diesem speziellen Bereich Erfahrung gesammelt.<\/p>\n<p>Au\u00dferdem sind wir auch Zivilmediatoren mit einer Menge an abgeschlossenen Verfahren.<\/p>\n<p>Unsere Philosophie ist, den Kunden in allen Phasen seines Gesch\u00e4ftslebens zu begleiten, indem wir ihn sowohl in normalen als auch in au\u00dfergew\u00f6hnlichen Aktivit\u00e4ten unterst\u00fctzen.<\/p>\n<p>Wir arbeiten mit unseren Kunden, f\u00fcr die wir eine Unterst\u00fctzung und Hilfe bei der t\u00e4glichen Aus\u00fcbung dessen Gesch\u00e4fts sind.<\/p>\n<\/div><div class=\"fusion-text fusion-text-2\"><\/div><div class=\"fusion-clearfix\"><\/div><\/div><\/div><div class=\"fusion-layout-column fusion_builder_column fusion-builder-column-2 fusion_builder_column_1_3 1_3 fusion-one-third fusion-column-first\" style=\"width:30.6666%; margin-right: 4%;margin-top:0px;margin-bottom:20px;\"><div class=\"fusion-column-wrapper fusion-flex-column-wrapper-legacy\" style=\"background-position:left top;background-repeat:no-repeat;-webkit-background-size:cover;-moz-background-size:cover;-o-background-size:cover;background-size:cover;padding: 0px 0px 0px 0px;\"><div class=\"fusion-column-content-centered\"><div class=\"fusion-column-content\"><span class=\" fusion-imageframe imageframe-none imageframe-2 hover-type-zoomin fusion-animated\" data-animationType=\"slideInDown\" data-animationDuration=\"1.0\" data-animationOffset=\"100%\"><img decoding=\"async\" width=\"300\" height=\"450\" title=\"chi-siamo-alex-studio-di-commercialista-bolzano-ragionieri-commercialisti-ortisei-consulenti-del-lavoro-val-gardena-alto-adige\" src=\"http:\/\/www.forest.it\/wp-content\/uploads\/chi-siamo-alex-studio-di-commercialista-bolzano-ragionieri-commercialisti-ortisei-consulenti-del-lavoro-val-gardena-alto-adige.jpg\" class=\"img-responsive wp-image-1096\" srcset=\"https:\/\/www.forest.it\/wp-content\/uploads\/chi-siamo-alex-studio-di-commercialista-bolzano-ragionieri-commercialisti-ortisei-consulenti-del-lavoro-val-gardena-alto-adige-200x300.jpg 200w, https:\/\/www.forest.it\/wp-content\/uploads\/chi-siamo-alex-studio-di-commercialista-bolzano-ragionieri-commercialisti-ortisei-consulenti-del-lavoro-val-gardena-alto-adige.jpg 300w\" sizes=\"(max-width: 800px) 100vw, 300px\" \/><\/span><div class=\"fusion-text fusion-text-3\"><h2>Rag. Alessandro Forest<\/h2>\n<\/div><\/div><\/div><div class=\"fusion-clearfix\"><\/div><\/div><\/div><div class=\"fusion-layout-column fusion_builder_column fusion-builder-column-3 fusion_builder_column_1_3 1_3 fusion-one-third\" style=\"width:30.6666%; margin-right: 4%;margin-top:0px;margin-bottom:20px;\"><div class=\"fusion-column-wrapper fusion-flex-column-wrapper-legacy\" style=\"background-position:left top;background-repeat:no-repeat;-webkit-background-size:cover;-moz-background-size:cover;-o-background-size:cover;background-size:cover;padding: 0px 0px 0px 0px;\"><span class=\" fusion-imageframe imageframe-none imageframe-3 hover-type-zoomin fusion-animated\" data-animationType=\"slideInDown\" data-animationDuration=\"1.0\" data-animationOffset=\"100%\"><img decoding=\"async\" width=\"300\" height=\"450\" title=\"chi-siamo-filippo-studio-di-commercialista-bolzano-ragionieri-commercialisti-ortisei-consulenti-del-lavoro-val-gardena-alto-adige\" src=\"http:\/\/www.forest.it\/wp-content\/uploads\/chi-siamo-filippo-studio-di-commercialista-bolzano-ragionieri-commercialisti-ortisei-consulenti-del-lavoro-val-gardena-alto-adige.jpg\" class=\"img-responsive wp-image-1094\" srcset=\"https:\/\/www.forest.it\/wp-content\/uploads\/chi-siamo-filippo-studio-di-commercialista-bolzano-ragionieri-commercialisti-ortisei-consulenti-del-lavoro-val-gardena-alto-adige-200x300.jpg 200w, https:\/\/www.forest.it\/wp-content\/uploads\/chi-siamo-filippo-studio-di-commercialista-bolzano-ragionieri-commercialisti-ortisei-consulenti-del-lavoro-val-gardena-alto-adige.jpg 300w\" sizes=\"(max-width: 800px) 100vw, 300px\" \/><\/span><div class=\"fusion-text fusion-text-4\"><h2>Rag. Filippo Forest<\/h2>\n<\/div><div class=\"fusion-clearfix\"><\/div><\/div><\/div><div class=\"fusion-layout-column fusion_builder_column fusion-builder-column-4 fusion_builder_column_1_3 1_3 fusion-one-third fusion-column-last\" style=\"width:30.6666%;margin-top:0px;margin-bottom:20px;\"><div class=\"fusion-column-wrapper fusion-flex-column-wrapper-legacy\" style=\"background-position:left top;background-repeat:no-repeat;-webkit-background-size:cover;-moz-background-size:cover;-o-background-size:cover;background-size:cover;padding: 0px 0px 0px 0px;\"><span class=\" fusion-imageframe imageframe-none imageframe-4 hover-type-zoomin fusion-animated\" data-animationType=\"slideInDown\" data-animationDuration=\"1.0\" data-animationOffset=\"100%\"><img decoding=\"async\" width=\"300\" height=\"450\" title=\"chi-siamo-michele-studio-di-commercialista-bolzano-ragionieri-commercialisti-ortisei-consulenti-del-lavoro-val-gardena-alto-adige\" src=\"http:\/\/www.forest.it\/wp-content\/uploads\/chi-siamo-michele-studio-di-commercialista-bolzano-ragionieri-commercialisti-ortisei-consulenti-del-lavoro-val-gardena-alto-adige.jpg\" class=\"img-responsive wp-image-1098\" srcset=\"https:\/\/www.forest.it\/wp-content\/uploads\/chi-siamo-michele-studio-di-commercialista-bolzano-ragionieri-commercialisti-ortisei-consulenti-del-lavoro-val-gardena-alto-adige-200x300.jpg 200w, https:\/\/www.forest.it\/wp-content\/uploads\/chi-siamo-michele-studio-di-commercialista-bolzano-ragionieri-commercialisti-ortisei-consulenti-del-lavoro-val-gardena-alto-adige.jpg 300w\" sizes=\"(max-width: 800px) 100vw, 300px\" \/><\/span><div class=\"fusion-text fusion-text-5\"><h2>Rag. Michele Forest<\/h2>\n<\/div><div class=\"fusion-clearfix\"><\/div><\/div><\/div><div class=\"fusion-layout-column fusion_builder_column fusion-builder-column-5 fusion_builder_column_1_1 1_1 fusion-one-full fusion-column-first fusion-column-last fusion-column-no-min-height\" style=\"margin-top:0px;margin-bottom:0px;\"><div class=\"fusion-column-wrapper fusion-flex-column-wrapper-legacy\" style=\"background-position:left top;background-repeat:no-repeat;-webkit-background-size:cover;-moz-background-size:cover;-o-background-size:cover;background-size:cover;padding: 0px 0px 0px 0px;\"><div class=\"fusion-sep-clear\"><\/div><div class=\"fusion-separator fusion-has-icon fusion-full-width-sep\" style=\"margin-left: auto;margin-right: auto;margin-top:40px;margin-bottom:40px;width:100%;\"><div class=\"fusion-separator-border sep-double sep-solid\" style=\"border-color:#e0dede;border-top-width:1px;border-bottom-width:1px;\"><\/div><span class=\"icon-wrapper\" style=\"border-color:#e0dede;background-color:rgba(255,255,255,0);font-size:14px;width: 1.75em; height: 1.75em;border-width:1px;padding:1px;\"><i class=\" fa fa-chevron-down\" style=\"font-size: inherit;color:#e0dede;\" aria-hidden=\"true\"><\/i><\/span><div class=\"fusion-separator-border sep-double sep-solid\" style=\"border-color:#e0dede;border-top-width:1px;border-bottom-width:1px;\"><\/div><\/div><div class=\"fusion-sep-clear\"><\/div><div class=\"fusion-recent-posts fusion-recent-posts-1 avada-container layout-default layout-columns-4\"><section class=\"fusion-columns columns fusion-columns-4 columns-4\"><article class=\"post fusion-column column col col-lg-3 col-md-3 col-sm-3 fusion-animated\" data-animationType=\"slideInLeft\" data-animationDuration=\"1\" data-animationOffset=\"100%\"><div class=\"fusion-flexslider fusion-flexslider-loading flexslider flexslider-hover-type-none\"><ul class=\"slides\"><li><a href=\"https:\/\/www.forest.it\/de\/front-desk-service-und-sekretariat\" aria-label=\"Front-desk Service und Sekretariat\" class=\"hover-type-none\"><img width=\"700\" height=\"441\" src=\"https:\/\/www.forest.it\/wp-content\/uploads\/front-desk-segreteria-studio-di-commercialista-bolzano-ragionieri-commercialisti-ortisei-consulenti-del-lavoro-val-gardena-alto-adige-700x441.jpg\" class=\"attachment-recent-posts size-recent-posts\" alt=\"\" decoding=\"async\" srcset=\"https:\/\/www.forest.it\/wp-content\/uploads\/front-desk-segreteria-studio-di-commercialista-bolzano-ragionieri-commercialisti-ortisei-consulenti-del-lavoro-val-gardena-alto-adige-320x202.jpg 320w, https:\/\/www.forest.it\/wp-content\/uploads\/front-desk-segreteria-studio-di-commercialista-bolzano-ragionieri-commercialisti-ortisei-consulenti-del-lavoro-val-gardena-alto-adige-700x441.jpg 700w\" sizes=\"(max-width: 700px) 100vw, 700px\" \/><\/a><\/li><\/ul><\/div><div class=\"recent-posts-content\"><span class=\"vcard\" style=\"display: none;\"><span class=\"fn\"><a href=\"https:\/\/www.forest.it\/de\/author\/advstudio-it\" title=\"Beitr\u00e4ge von ADVstudio.it\" rel=\"author\">ADVstudio.it<\/a><\/span><\/span><span class=\"updated\" style=\"display:none;\">2017-04-20T17:29:38+02:00<\/span><h4 class=\"entry-title\"><a href=\"https:\/\/www.forest.it\/de\/front-desk-service-und-sekretariat\">Front-desk Service und Sekretariat<\/a><\/h4><\/div><\/article><article class=\"post fusion-column column col col-lg-3 col-md-3 col-sm-3 fusion-animated\" data-animationType=\"slideInLeft\" data-animationDuration=\"1\" data-animationOffset=\"100%\"><div class=\"fusion-flexslider fusion-flexslider-loading flexslider flexslider-hover-type-none\"><ul class=\"slides\"><li><a href=\"https:\/\/www.forest.it\/de\/buchhaltung\" aria-label=\"BUCHHALTUND UND STEUERERKL\u00c4RUNG\" class=\"hover-type-none\"><img width=\"700\" height=\"441\" src=\"https:\/\/www.forest.it\/wp-content\/uploads\/contabilita-dichiarazioni-dei-redditi-studio-di-commercialista-bolzano-ragionieri-commercialisti-ortisei-consulenti-del-lavoro-val-gardena-alto-adige-700x441.jpg\" class=\"attachment-recent-posts size-recent-posts\" alt=\"\" decoding=\"async\" srcset=\"https:\/\/www.forest.it\/wp-content\/uploads\/contabilita-dichiarazioni-dei-redditi-studio-di-commercialista-bolzano-ragionieri-commercialisti-ortisei-consulenti-del-lavoro-val-gardena-alto-adige-320x202.jpg 320w, https:\/\/www.forest.it\/wp-content\/uploads\/contabilita-dichiarazioni-dei-redditi-studio-di-commercialista-bolzano-ragionieri-commercialisti-ortisei-consulenti-del-lavoro-val-gardena-alto-adige-700x441.jpg 700w\" sizes=\"(max-width: 700px) 100vw, 700px\" \/><\/a><\/li><\/ul><\/div><div class=\"recent-posts-content\"><span class=\"vcard\" style=\"display: none;\"><span class=\"fn\"><a href=\"https:\/\/www.forest.it\/de\/author\/advstudio-it\" title=\"Beitr\u00e4ge von ADVstudio.it\" rel=\"author\">ADVstudio.it<\/a><\/span><\/span><span class=\"updated\" style=\"display:none;\">2017-04-20T17:29:04+02:00<\/span><h4 class=\"entry-title\"><a href=\"https:\/\/www.forest.it\/de\/buchhaltung\">BUCHHALTUND UND STEUERERKL\u00c4RUNG<\/a><\/h4><\/div><\/article><article class=\"post fusion-column column col col-lg-3 col-md-3 col-sm-3 fusion-animated\" data-animationType=\"slideInLeft\" data-animationDuration=\"1\" data-animationOffset=\"100%\"><div class=\"fusion-flexslider fusion-flexslider-loading flexslider flexslider-hover-type-none\"><ul class=\"slides\"><li><a href=\"https:\/\/www.forest.it\/de\/beratung-und-hochqualifizierte-dienstleistungen\" aria-label=\"Beratung und hochqualifizierte Dienstleistungen\" class=\"hover-type-none\"><img width=\"700\" height=\"441\" src=\"https:\/\/www.forest.it\/wp-content\/uploads\/consulenza-servizi-alto-contenuto-studio-di-commercialista-bolzano-ragionieri-commercialisti-ortisei-consulenti-del-lavoro-val-gardena-alto-adige-700x441.jpg\" class=\"attachment-recent-posts size-recent-posts\" alt=\"\" decoding=\"async\" srcset=\"https:\/\/www.forest.it\/wp-content\/uploads\/consulenza-servizi-alto-contenuto-studio-di-commercialista-bolzano-ragionieri-commercialisti-ortisei-consulenti-del-lavoro-val-gardena-alto-adige-320x202.jpg 320w, https:\/\/www.forest.it\/wp-content\/uploads\/consulenza-servizi-alto-contenuto-studio-di-commercialista-bolzano-ragionieri-commercialisti-ortisei-consulenti-del-lavoro-val-gardena-alto-adige-700x441.jpg 700w\" sizes=\"(max-width: 700px) 100vw, 700px\" \/><\/a><\/li><\/ul><\/div><div class=\"recent-posts-content\"><span class=\"vcard\" style=\"display: none;\"><span class=\"fn\"><a href=\"https:\/\/www.forest.it\/de\/author\/advstudio-it\" title=\"Beitr\u00e4ge von ADVstudio.it\" rel=\"author\">ADVstudio.it<\/a><\/span><\/span><span class=\"updated\" style=\"display:none;\">2017-04-20T17:29:45+02:00<\/span><h4 class=\"entry-title\"><a href=\"https:\/\/www.forest.it\/de\/beratung-und-hochqualifizierte-dienstleistungen\">Beratung und hochqualifizierte Dienstleistungen<\/a><\/h4><\/div><\/article><article class=\"post fusion-column column col col-lg-3 col-md-3 col-sm-3 fusion-animated\" data-animationType=\"slideInLeft\" data-animationDuration=\"1\" data-animationOffset=\"100%\"><div class=\"fusion-flexslider fusion-flexslider-loading flexslider flexslider-hover-type-none\"><ul class=\"slides\"><li><a href=\"https:\/\/www.forest.it\/de\/arbeitsberatung\" aria-label=\"Arbeitsberatung\" class=\"hover-type-none\"><img width=\"700\" height=\"441\" src=\"https:\/\/www.forest.it\/wp-content\/uploads\/consulenza-del-lavoro-studio-di-commercialista-bolzano-ragionieri-commercialisti-ortisei-consulenti-del-lavoro-val-gardena-alto-adige-700x441.jpg\" class=\"attachment-recent-posts size-recent-posts\" alt=\"\" decoding=\"async\" srcset=\"https:\/\/www.forest.it\/wp-content\/uploads\/consulenza-del-lavoro-studio-di-commercialista-bolzano-ragionieri-commercialisti-ortisei-consulenti-del-lavoro-val-gardena-alto-adige-320x202.jpg 320w, https:\/\/www.forest.it\/wp-content\/uploads\/consulenza-del-lavoro-studio-di-commercialista-bolzano-ragionieri-commercialisti-ortisei-consulenti-del-lavoro-val-gardena-alto-adige-700x441.jpg 700w\" sizes=\"(max-width: 700px) 100vw, 700px\" \/><\/a><\/li><\/ul><\/div><div class=\"recent-posts-content\"><span class=\"vcard\" style=\"display: none;\"><span class=\"fn\"><a href=\"https:\/\/www.forest.it\/de\/author\/advstudio-it\" title=\"Beitr\u00e4ge von ADVstudio.it\" rel=\"author\">ADVstudio.it<\/a><\/span><\/span><span class=\"updated\" style=\"display:none;\">2017-04-20T17:29:25+02:00<\/span><h4 class=\"entry-title\"><a href=\"https:\/\/www.forest.it\/de\/arbeitsberatung\">Arbeitsberatung<\/a><\/h4><\/div><\/article><\/section><\/div><div class=\"fusion-clearfix\"><\/div><\/div><\/div><div class=\"fusion-layout-column fusion_builder_column fusion-builder-column-6 fusion_builder_column_1_1 1_1 fusion-one-full fusion-column-first fusion-column-last fusion-column-no-min-height\" style=\"margin-top:0px;margin-bottom:0px;\"><div class=\"fusion-column-wrapper fusion-flex-column-wrapper-legacy\" style=\"background-position:left top;background-repeat:no-repeat;-webkit-background-size:cover;-moz-background-size:cover;-o-background-size:cover;background-size:cover;padding: 0px 0px 0px 0px;\"><style type=\"text\/css\">.fusion-accordian  #accordion-745-1 .panel-title a .fa-fusion-box{ color: #ffffff;}.fusion-accordian  #accordion-745-1 .panel-title a .fa-fusion-box:before{ font-size: 13px; width: 13px;}.fusion-accordian  #accordion-745-1 .panel-title a{font-size:16px;}.fusion-accordian  #accordion-745-1 .fa-fusion-box { background-color: #333333;border-color: #333333;}.fusion-accordian  #accordion-745-1 .panel-title a:hover, #accordion-745-1 .fusion-toggle-boxed-mode:hover .panel-title a { color: #ab8b65;}.fusion-accordian  #accordion-745-1 .panel-title .active .fa-fusion-box,.fusion-accordian  #accordion-745-1 .panel-title a:hover .fa-fusion-box { background-color: #ab8b65!important;border-color: #ab8b65!important;}<\/style><div class=\"accordian fusion-accordian ricerche-frequenti\"><div class=\"panel-group\" id=\"accordion-745-1\">\n<div class=\"fusion-panel panel-default\"><div class=\"panel-heading\"><h4 class=\"panel-title toggle\"><a aria-expanded=\"false\" aria-controls=\"6ea720c97a390d2fe\" role=\"button\" data-toggle=\"collapse\" data-parent=\"#accordion-745-1\" data-target=\"#6ea720c97a390d2fe\" href=\"#6ea720c97a390d2fe\"><span class=\"fusion-toggle-icon-wrapper\" aria-hidden=\"true\"><i class=\"fa-fusion-box\" aria-hidden=\"true\"><\/i><\/span><span class=\"fusion-toggle-heading\">Ricerche frequenti<\/span><\/a><\/h4><\/div><div id=\"6ea720c97a390d2fe\" class=\"panel-collapse collapse \"><div class=\"panel-body toggle-content fusion-clearfix\">\n<ul>\n<li>Studio commercialista Bolzano<\/li>\n<li>Commmercialista Ortisei<\/li>\n<li>Prezzi commercialista Val Gardena<\/li>\n<li>Studio commercialista Ortisei<\/li>\n<li>Consulente del lavoro BZ<\/li>\n<li>Commercialista Laives<\/li>\n<li>Mediatori civili Bronzolo<\/li>\n<\/ul>\n<\/div><\/div><\/div>\n<\/div><\/div><div class=\"fusion-clearfix\"><\/div><\/div><\/div><\/div><\/div><\/p>\n","protected":false},"excerpt":{"rendered":"","protected":false},"author":1,"featured_media":0,"parent":0,"menu_order":0,"comment_status":"open","ping_status":"closed","template":"100-width.php","meta":{"footnotes":""},"yoast_head":"<!-- This site is optimized with the Yoast SEO plugin v21.0 - https:\/\/yoast.com\/wordpress\/plugins\/seo\/ -->\n<title>DIE KANZLEI - Studio Forest<\/title>\n<meta name=\"robots\" content=\"index, follow, max-snippet:-1, max-image-preview:large, max-video-preview:-1\" \/>\n<link rel=\"canonical\" href=\"https:\/\/www.forest.it\/de\/die-kanzlei\" \/>\n<meta property=\"og:locale\" content=\"de_DE\" \/>\n<meta property=\"og:type\" content=\"article\" \/>\n<meta property=\"og:title\" content=\"DIE KANZLEI - Studio Forest\" \/>\n<meta property=\"og:url\" content=\"https:\/\/www.forest.it\/de\/die-kanzlei\" \/>\n<meta property=\"og:site_name\" content=\"Studio Forest\" \/>\n<meta property=\"article:modified_time\" content=\"2017-04-20T15:28:13+00:00\" \/>\n<meta name=\"twitter:label1\" content=\"Gesch\u00e4tzte Lesezeit\" \/>\n\t<meta name=\"twitter:data1\" content=\"6\u00a0Minuten\" \/>\n<script type=\"application\/ld+json\" class=\"yoast-schema-graph\">{\"@context\":\"https:\/\/schema.org\",\"@graph\":[{\"@type\":\"WebPage\",\"@id\":\"https:\/\/www.forest.it\/de\/die-kanzlei\",\"url\":\"https:\/\/www.forest.it\/de\/die-kanzlei\",\"name\":\"DIE KANZLEI - Studio Forest\",\"isPartOf\":{\"@id\":\"https:\/\/www.forest.it\/#website\"},\"datePublished\":\"2016-02-21T13:01:21+00:00\",\"dateModified\":\"2017-04-20T15:28:13+00:00\",\"breadcrumb\":{\"@id\":\"https:\/\/www.forest.it\/de\/die-kanzlei#breadcrumb\"},\"inLanguage\":\"de\",\"potentialAction\":[{\"@type\":\"ReadAction\",\"target\":[\"https:\/\/www.forest.it\/de\/die-kanzlei\"]}]},{\"@type\":\"BreadcrumbList\",\"@id\":\"https:\/\/www.forest.it\/de\/die-kanzlei#breadcrumb\",\"itemListElement\":[{\"@type\":\"ListItem\",\"position\":1,\"name\":\"Home\",\"item\":\"https:\/\/www.forest.it\/de\"},{\"@type\":\"ListItem\",\"position\":2,\"name\":\"DIE KANZLEI\"}]},{\"@type\":\"WebSite\",\"@id\":\"https:\/\/www.forest.it\/#website\",\"url\":\"https:\/\/www.forest.it\/\",\"name\":\"Studio Forest\",\"description\":\"\",\"potentialAction\":[{\"@type\":\"SearchAction\",\"target\":{\"@type\":\"EntryPoint\",\"urlTemplate\":\"https:\/\/www.forest.it\/?s={search_term_string}\"},\"query-input\":\"required name=search_term_string\"}],\"inLanguage\":\"de\"}]}<\/script>\n<!-- \/ Yoast SEO plugin. -->","yoast_head_json":{"title":"DIE KANZLEI - Studio Forest","robots":{"index":"index","follow":"follow","max-snippet":"max-snippet:-1","max-image-preview":"max-image-preview:large","max-video-preview":"max-video-preview:-1"},"canonical":"https:\/\/www.forest.it\/de\/die-kanzlei","og_locale":"de_DE","og_type":"article","og_title":"DIE KANZLEI - Studio Forest","og_url":"https:\/\/www.forest.it\/de\/die-kanzlei","og_site_name":"Studio Forest","article_modified_time":"2017-04-20T15:28:13+00:00","twitter_misc":{"Gesch\u00e4tzte Lesezeit":"6\u00a0Minuten"},"schema":{"@context":"https:\/\/schema.org","@graph":[{"@type":"WebPage","@id":"https:\/\/www.forest.it\/de\/die-kanzlei","url":"https:\/\/www.forest.it\/de\/die-kanzlei","name":"DIE KANZLEI - Studio Forest","isPartOf":{"@id":"https:\/\/www.forest.it\/#website"},"datePublished":"2016-02-21T13:01:21+00:00","dateModified":"2017-04-20T15:28:13+00:00","breadcrumb":{"@id":"https:\/\/www.forest.it\/de\/die-kanzlei#breadcrumb"},"inLanguage":"de","potentialAction":[{"@type":"ReadAction","target":["https:\/\/www.forest.it\/de\/die-kanzlei"]}]},{"@type":"BreadcrumbList","@id":"https:\/\/www.forest.it\/de\/die-kanzlei#breadcrumb","itemListElement":[{"@type":"ListItem","position":1,"name":"Home","item":"https:\/\/www.forest.it\/de"},{"@type":"ListItem","position":2,"name":"DIE KANZLEI"}]},{"@type":"WebSite","@id":"https:\/\/www.forest.it\/#website","url":"https:\/\/www.forest.it\/","name":"Studio Forest","description":"","potentialAction":[{"@type":"SearchAction","target":{"@type":"EntryPoint","urlTemplate":"https:\/\/www.forest.it\/?s={search_term_string}"},"query-input":"required name=search_term_string"}],"inLanguage":"de"}]}},"_links":{"self":[{"href":"https:\/\/www.forest.it\/de\/wp-json\/wp\/v2\/pages\/731"}],"collection":[{"href":"https:\/\/www.forest.it\/de\/wp-json\/wp\/v2\/pages"}],"about":[{"href":"https:\/\/www.forest.it\/de\/wp-json\/wp\/v2\/types\/page"}],"author":[{"embeddable":true,"href":"https:\/\/www.forest.it\/de\/wp-json\/wp\/v2\/users\/1"}],"replies":[{"embeddable":true,"href":"https:\/\/www.forest.it\/de\/wp-json\/wp\/v2\/comments?post=731"}],"version-history":[{"count":5,"href":"https:\/\/www.forest.it\/de\/wp-json\/wp\/v2\/pages\/731\/revisions"}],"predecessor-version":[{"id":924,"href":"https:\/\/www.forest.it\/de\/wp-json\/wp\/v2\/pages\/731\/revisions\/924"}],"wp:attachment":[{"href":"https:\/\/www.forest.it\/de\/wp-json\/wp\/v2\/media?parent=731"}],"curies":[{"name":"wp","href":"https:\/\/api.w.org\/{rel}","templated":true}]}}